{"id":1417,"date":"2020-10-29T15:33:28","date_gmt":"2020-10-29T14:33:28","guid":{"rendered":"http:\/\/gkcollective.org\/new\/?page_id=1417"},"modified":"2025-03-10T18:45:50","modified_gmt":"2025-03-10T17:45:50","slug":"actualite","status":"publish","type":"page","link":"https:\/\/gkcollective.org\/en\/actualite\/","title":{"rendered":"Actualit\u00e9"},"content":{"rendered":"<ul class=\"wp-block-latest-posts__list has-dates wp-block-latest-posts\"><li><a class=\"wp-block-latest-posts__post-title\" href=\"https:\/\/gkcollective.org\/en\/2025-2\/\">2025<\/a><time datetime=\"2025-03-10T18:41:01+01:00\" class=\"wp-block-latest-posts__post-date\">10 March 2025<\/time><div class=\"wp-block-latest-posts__post-full-content\"><!-- wp:paragraph -->\n<p>En 2025 ? Nous vous \u00e9pargnerons toujours des newsletter mensuelles.Vous vous noyez d\u00e9j\u00e0 dans les nouvelles du monde. Mais, si, question, envie, r\u00e9sonance ? N&#8217;h\u00e9sitez pas \u00e0 nous \u00e9crire.\u00a0 \u00a0<\/p>\n<!-- \/wp:paragraph -->\n\n<!-- wp:paragraph -->\n<p>Et comme vous nous dites souvent\u00a0 que vous ne savez pas ce que nous fabriquons, voici des news pour autant. Nous aimons toujours l&#8217;\u00e9bullition, alors on la maintient. Mais toujours proche des pr\u00e9occupations soci\u00e9tales et avec des projets d\u00e9di\u00e9s sur des contextes, des territoires.\u00a0<\/p>\n<!-- \/wp:paragraph -->\n\n<!-- wp:paragraph -->\n<p>Nous sommes en \u00e9laboration d&#8217;un nouveau laboratoire de recherche, sur ce QUE PEUT LA FICTION &#8211; le pouvoir transformateur de l&#8217;art dans le r\u00e9el. Dans un monde o\u00f9 la fiction r\u00e8gne et agit sur les pouvoirs en place, reprendre la main sur les r\u00e9cits qui dessinent les perspectives imm\u00e9diates est bien notre intention. Avec une puissante \u00e9quipe de chercheurs en construction.<\/p>\n<!-- \/wp:paragraph -->\n\n<!-- wp:paragraph -->\n<p>Pour que la fiction apporte son lot dans le r\u00e9el c\u00f4t\u00e9 jeunesse, nous travaillons sur une fiction infiltr\u00e9e dans le Coll\u00e8ge Jean-Jacques Rousseau au Pr\u00e9-Saint-Gervais. Et si le coll\u00e8ge convoquait sa propre assembl\u00e9e g\u00e9n\u00e9rale pour arbitrer l&#8217;arriv\u00e9e d&#8217;une nouvelle technologie dans la vie quotidienne des \u00e9l\u00e8ves?<\/p>\n<!-- \/wp:paragraph -->\n\n<!-- wp:paragraph -->\n<p>Pour que les r\u00e9cits que l&#8217;on \u00e9crit deviennent r\u00e9alit\u00e9, Lieux Publics nous a invit\u00e9s \u00e0\u00a0travailler avec la cie Rara Woulib, en collaboration avec les architectes sortant du concours Europan. Tout \u00e7a sur un faisceau ferroviaire \u00e0 Marseille, dans un quartier qui bient\u00f4t deviendra un centre n\u00e9vralgique du cin\u00e9ma fran\u00e7ais. Quelle place pour les habitants dans une transformation urbaine ?<\/p>\n<!-- \/wp:paragraph -->\n\n<!-- wp:paragraph -->\n<p>And last but not least, nous sommes aussi tr\u00e8s mobilis\u00e9s en ce moment sur les projets\u00a0<a href=\"https:\/\/lesmythos.fr\/\" target=\"_blank\" rel=\"noreferrer noopener\">des Mythos<\/a>\u00a0et ses Dispositifs de REalit\u00e9s AM\u00e9lior\u00e9es, un DREAM \u00e9videmment.\u00a0<\/p>\n<!-- \/wp:paragraph -->\n\n<!-- wp:paragraph -->\n<p>2025, une nouvelle ann\u00e9e pour hacker la r\u00e9alit\u00e9.<\/p>\n<!-- \/wp:paragraph --><\/div><\/li>\n<li><a class=\"wp-block-latest-posts__post-title\" href=\"https:\/\/gkcollective.org\/en\/vegetale-vallee\/\">V\u00e9g\u00e9tale Vall\u00e9e<\/a><time datetime=\"2023-04-24T17:30:21+01:00\" class=\"wp-block-latest-posts__post-date\">24 April 2023<\/time><div class=\"wp-block-latest-posts__post-full-content\"><!-- wp:paragraph -->\n<p>La GK Collective communique peu, envoie une newsletter par an.<br>Ne pas se noyer dans le flux. Tenter de ne pas \u00eatre un produit. Donc tenter de ne pas faire de publicit\u00e9 de ce qu&#8217;on produit.<br>Pourtant inviter. Pour partager. Tenir au courant.<\/p>\n<!-- \/wp:paragraph -->\n\n<!-- wp:paragraph -->\n<p>Alors dans les tuyaux.<\/p>\n<!-- \/wp:paragraph -->\n\n<!-- wp:paragraph -->\n<p>V\u00e9g\u00e9tale Vall\u00e9e<br>Une pi\u00e8ce de th\u00e9\u00e2tre qui dure 132 jours.<br>\u00c9crit sur mesure pour une ville.<br>Qui se joue dans la r\u00e9alit\u00e9.<br>Avec de nombreuses complicit\u00e9s.<\/p>\n<!-- \/wp:paragraph -->\n\n<!-- wp:paragraph -->\n<p>Si vous voulez en <a href=\"https:\/\/www.chalondanslarue.com\/fr\/projets\/vegetale-vallee\" target=\"_blank\" rel=\"noreferrer noopener\">savoir plus<\/a>, et voici la feuille de salle.<br>C&#8217;est une premi\u00e8re exp\u00e9rimentation de notre hypoth\u00e8se #1, nous ne connaissons donc pas le r\u00e9sultat. Mais nous avons h\u00e2te de le vivre.<\/p>\n<!-- \/wp:paragraph -->\n\n<!-- wp:paragraph -->\n<p>Hypoth\u00e8se #1 Il peut \u00eatre transformatif ou au moins constructif de co-cr\u00e9er avec les publics des simulations de r\u00e9alit\u00e9s id\u00e9ales sous forme d\u2019extrait de r\u00e9alit\u00e9s \u00e9labor\u00e9s, jou\u00e9 tous ensemble en tant que spectacle, dans la r\u00e9alit\u00e9.<\/p>\n<!-- \/wp:paragraph --><\/div><\/li>\n<li><a class=\"wp-block-latest-posts__post-title\" href=\"https:\/\/gkcollective.org\/en\/nouveau-cycle-de-recherche\/\">Nouveau cycle de recherche.<\/a><time datetime=\"2022-11-07T09:01:45+01:00\" class=\"wp-block-latest-posts__post-date\">7 November 2022<\/time><div class=\"wp-block-latest-posts__post-full-content\"><!-- wp:paragraph -->\n<p>Et si l\u2019on infiltrait ensemble la r\u00e9alit\u00e9 avec une fiction g\u00e9ante, tout en filigrane et en utopie ?<br>Comme si c&#8217;\u00e9tait un spectacle tr\u00e8s long, une fiction de six mois, \u00e0 laquelle vous pourriez prendre part \u00e0 tout moment ou la suivre depuis le d\u00e9but voire en devenir complices.<br>Nous pratiquons des spectacles immersifs et participatifs, en brouillant fiction et r\u00e9alit\u00e9, parfois intimes, parfois tentaculaires et nous vous en proposons deux applications sur cette saison.<br>D\u00e8s 2023 le groupe se lance dans deux projets longs cours.<br>Une mission utopique avec Le Cnarep de Chalon dans la Rue.\u00a0<br>Et de la po\u00e9sie clandestine avec l&#8217;\u00e9quipe de l&#8217;Atelline.<\/p>\n<!-- \/wp:paragraph --><\/div><\/li>\n<li><a class=\"wp-block-latest-posts__post-title\" href=\"https:\/\/gkcollective.org\/en\/ykimnar-2\/\">Ykimnar<\/a><time datetime=\"2022-03-04T12:43:13+01:00\" class=\"wp-block-latest-posts__post-date\">4 March 2022<\/time><div class=\"wp-block-latest-posts__post-full-content\"><!-- wp:paragraph -->\n<p>Apr\u00e8s la tourn\u00e9e des robots Ykimnar cet automne notamment au festival des arts num\u00e9rique Pl\u00e9aides \u00e0 Saint-Etienne, et une conf\u00e9rence \u00e0 Vilnius sur La place de l\u2019avant-garde dans la p\u00e9riode de l\u2019hybridation du th\u00e9\u00e2tre le GK hiberne. En bilan, en \u00e9criture, en r\u00e9flexion. Tisse des liens pour des Arbres \u00e0 Secret, avec le Boulon, le Chemin, La Transverse. Pr\u00e9pare ses robots Ykimnar en exposition au CNSAD dans une journ\u00e9e d\u2019\u00e9tudes sur la r\u00e9paration, et pour le festival XS de Bruxelles. Le reste est secret, mais vous le reconna\u00eetrez.<\/p>\n<!-- \/wp:paragraph --><\/div><\/li>\n<li><a class=\"wp-block-latest-posts__post-title\" href=\"https:\/\/gkcollective.org\/en\/revesz-sur-un-lac-urbain\/\">R\u00e9v\u00e9sz sur un lac urbain !<\/a><time datetime=\"2021-07-31T11:30:00+01:00\" class=\"wp-block-latest-posts__post-date\">31 July 2021<\/time><div class=\"wp-block-latest-posts__post-full-content\"><!-- wp:paragraph -->\n<p>Dans le cadre du festival <a href=\"https:\/\/farse.strasbourg.eu\/programme\/revesz\/\" target=\"_blank\" rel=\"noreferrer noopener\">Farse de Strasbourg<\/a>, le 31 juillet 2021.<\/p>\n<!-- \/wp:paragraph --><\/div><\/li>\n<li><a class=\"wp-block-latest-posts__post-title\" href=\"https:\/\/gkcollective.org\/en\/loup-bleu-et-ykimnar\/\">Loup Bleu et Ykimnar<\/a><time datetime=\"2021-06-17T11:31:00+01:00\" class=\"wp-block-latest-posts__post-date\">17 June 2021<\/time><div class=\"wp-block-latest-posts__post-full-content\"><!-- wp:paragraph -->\n<p>La GK Collective a le plaisir de pr\u00e9senter le <a href=\"https:\/\/www.chahuts.net\/spectacle\/le-loup-bleu\/\" target=\"_blank\" rel=\"noreferrer noopener\">Loup Bleu<\/a> et <a href=\"https:\/\/www.chahuts.net\/spectacle\/you-know-im-not-a-robot\/\" target=\"_blank\" rel=\"noreferrer noopener\">Ykimnar<\/a> de l&#8217;Agence de Rencontre sans Risque, ainsi que de cr\u00e9er une pi\u00e8ce sur mesure L&#8217; Anniversaire Invisible le cadre d&#8217;une carte blanche pour le 30\u00e8me anniversaire du festival Chahuts \u00e0 Bordeaux. Du 17 au 20 juin 2021.<\/p>\n<!-- \/wp:paragraph --><\/div><\/li>\n<li><a class=\"wp-block-latest-posts__post-title\" href=\"https:\/\/gkcollective.org\/en\/les-indicibles\/\">Les Indicibles<\/a><time datetime=\"2021-06-08T11:34:00+01:00\" class=\"wp-block-latest-posts__post-date\">8 June 2021<\/time><div class=\"wp-block-latest-posts__post-full-content\"><!-- wp:paragraph -->\n<p>Les Indicibles apparaissent pour la premi\u00e8re fois du 8 au 10 juin 2021 avec le th\u00e9\u00e2tre Berthelot de Montreuil.<\/p>\n<!-- \/wp:paragraph --><\/div><\/li>\n<li><a class=\"wp-block-latest-posts__post-title\" href=\"https:\/\/gkcollective.org\/en\/lavenir-vous-regarde\/\">L&#8217;Avenir Vous Regarde<\/a><time datetime=\"2021-05-20T11:35:00+01:00\" class=\"wp-block-latest-posts__post-date\">20 May 2021<\/time><div class=\"wp-block-latest-posts__post-full-content\"><!-- wp:paragraph -->\n<p><a href=\"https:\/\/www.productionsbis.com\/gk-avenirvousregarde\" target=\"_blank\" rel=\"noreferrer noopener\">L&#8217;Avenir Vous Regarde<\/a> &#8211; une pi\u00e8ce immersive pour lyc\u00e9e avec le Th\u00e9\u00e2tre de Norville et Mars de Mons, premi\u00e8re au Lyc\u00e9e Belmondo le 20 mai 2021.<\/p>\n<!-- \/wp:paragraph --><\/div><\/li>\n<li><a class=\"wp-block-latest-posts__post-title\" href=\"https:\/\/gkcollective.org\/en\/agence-de-rencontre-sans-risque-a-mains-doeuvres\/\">Agence de Rencontre Sans Risque \u00e0 Mains d&#8217;Oeuvres.<\/a><time datetime=\"2021-01-20T15:46:02+01:00\" class=\"wp-block-latest-posts__post-date\">20 January 2021<\/time><div class=\"wp-block-latest-posts__post-full-content\"><!-- wp:paragraph -->\n<p>Pour cette <strong>p\u00e9riode exceptionnelle<\/strong>, L&#8217;Agence de Rencontre Sans Risque propose deux rendez-vous avec <strong>Mains d&#8217;Oeuvres, le 23 janvier<\/strong> en absentiel (au t\u00e9l\u00e9phone) le <a href=\"https:\/\/www.facebook.com\/events\/453020152520040\" target=\"_blank\" rel=\"noreferrer noopener\">FRAVI<\/a> et <strong>le 30 janvier<\/strong> en pr\u00e9sentiel (sur rendez-vous)<a href=\"https:\/\/www.facebook.com\/events\/684767895536315\/\" target=\"_blank\" rel=\"noreferrer noopener\">YKIMNAR<\/a>.<\/p>\n<!-- \/wp:paragraph --><\/div><\/li>\n<li><a class=\"wp-block-latest-posts__post-title\" href=\"https:\/\/gkcollective.org\/en\/gk-collective-sur-arte\/\">GK Collective sur arte<\/a><time datetime=\"2020-10-30T11:29:34+01:00\" class=\"wp-block-latest-posts__post-date\">30 October 2020<\/time><div class=\"wp-block-latest-posts__post-full-content\"><!-- wp:paragraph -->\n<p><a href=\"https:\/\/www.arte.tv\/fr\/videos\/100436-000-A\/le-theatre-dont-vous-etes-le-heros\/\">https:\/\/www.arte.tv\/fr\/videos\/100436-000-A\/le-theatre-dont-vous-etes-le-heros\/<\/a><\/p>\n<!-- \/wp:paragraph --><\/div><\/li>\n<li><a class=\"wp-block-latest-posts__post-title\" href=\"https:\/\/gkcollective.org\/en\/ykimnar-a-chamarande\/\">Ykimnar \u00e0 Chamarande<\/a><time datetime=\"2020-09-09T11:12:09+01:00\" class=\"wp-block-latest-posts__post-date\">9 September 2020<\/time><div class=\"wp-block-latest-posts__post-full-content\"><!-- wp:paragraph -->\n<p><a href=\"http:\/\/chamarande.essonne.fr\/dimanche-27-septembre-spectacles\/\">Ykimnar \u00e0 Chamarande<\/a> le 27 septembre 2020.<\/p>\n<!-- \/wp:paragraph --><\/div><\/li>\n<li><a class=\"wp-block-latest-posts__post-title\" href=\"https:\/\/gkcollective.org\/en\/revesz-3\/\">R\u00e9v\u00e9sz<\/a><time datetime=\"2020-09-01T11:03:39+01:00\" class=\"wp-block-latest-posts__post-date\">1 September 2020<\/time><div class=\"wp-block-latest-posts__post-full-content\"><!-- wp:paragraph -->\n<p>R\u00e9v\u00e9sz \u00e0 <a href=\"https:\/\/www.pronomades.org\/Revesz\">pronomade(s)<\/a> du 8 au 12 septembre 2020.<\/p>\n<!-- \/wp:paragraph --><\/div><\/li>\n<li><a class=\"wp-block-latest-posts__post-title\" href=\"https:\/\/gkcollective.org\/en\/mirage\/\">Mirage<\/a><time datetime=\"2020-05-28T20:53:32+01:00\" class=\"wp-block-latest-posts__post-date\">28 May 2020<\/time><div class=\"wp-block-latest-posts__post-full-content\">L&#8217;<a href=\"https:\/\/usbeketrica.com\/article\/agence-rencontres-sans-risque-cartonne-pendant-confinement\" target=\"_blank\" rel=\"noopener noreferrer\">Agence de Rencontre Sans Risque<\/a> sort son nouveau produit <a href=\"https:\/\/programmation.maifsocialclub.fr\/programmation\/alamaison\/vivez-une-rencontre-sans-risque\" target=\"_blank\" rel=\"noopener noreferrer\">MIRAGE<\/a> avec le Maif Social Club le 19 et 20 juin 2020&#8230;<\/div><\/li>\n<li><a class=\"wp-block-latest-posts__post-title\" href=\"https:\/\/gkcollective.org\/en\/agence-de-rencontre-risque\/\">Agence de Rencontre Sans Risque<\/a><time datetime=\"2020-04-27T21:43:52+01:00\" class=\"wp-block-latest-posts__post-date\">27 April 2020<\/time><div class=\"wp-block-latest-posts__post-full-content\"><!--:fr-->L&#8217;Agence de Rencontre Sans Risque est fi\u00e8re de vous annoncer son nouveau\u00a0<a href=\"https:\/\/www.rencontresansrisque.com\/\" target=\"_blank\" rel=\"noopener noreferrer\">site internet<\/a>\u00a0et la mise \u00e0 disposition gratuite de son\u00a0<a href=\"https:\/\/www.rencontresansrisque.com\/le-fravi\" target=\"_blank\" rel=\"noopener noreferrer\">produit phare le (F)RAVI<\/a>.<!--:--><!--:en--><span lang=\"en\">The Save Dating Agence is proud to announce its new <a href=\"https:\/\/www.rencontresansrisque.com\/\" target=\"_blank\" rel=\"noopener noreferrer\">website<\/a> and the free availability of its flagship product the <a href=\"https:\/\/www.rencontresansrisque.com\/le-fravi\" target=\"_blank\" rel=\"noopener noreferrer\">(F)RAVI<\/a>.<\/span><!--:--><\/div><\/li>\n<li><a class=\"wp-block-latest-posts__post-title\" href=\"https:\/\/gkcollective.org\/en\/actu\/\">Actu<\/a><time datetime=\"2019-12-13T15:21:16+01:00\" class=\"wp-block-latest-posts__post-date\">13 December 2019<\/time><div class=\"wp-block-latest-posts__post-full-content\"><!--:fr-->Les robots Ykimnar\n\n\u00e0 <a href=\"http:\/\/www.la-megisserie.fr\/index.php\/accueil\/theatre\" target=\"_blank\" rel=\"noopener noreferrer\">la M\u00e9gisserie<\/a>\u00a0le 25 octobre 2019\n\n\u00e0 <a href=\"http:\/\/cdn1_3.reseaudesvilles.fr\/cities\/175\/documents\/qnq4rmzygy81tr.pdf\" target=\"_blank\" rel=\"noopener noreferrer\">Norville<\/a> le 24 janvier 2020\n\n\u00e0 la <a href=\"https:\/\/programmation.maifsocialclub.fr\/\" target=\"_blank\" rel=\"noopener noreferrer\">Maif Social Club<\/a> le 14 mars 2020<!--:--><!--:en-->Ykimnar Robots\n\nin\u00a0<a href=\"http:\/\/www.la-megisserie.fr\/index.php\/accueil\/theatre\" target=\"_blank\" rel=\"noopener noreferrer\">la M\u00e9gisserie<\/a>\u00a0on the 25th of October 2019\n\nat\u00a0<a href=\"http:\/\/cdn1_3.reseaudesvilles.fr\/cities\/175\/documents\/qnq4rmzygy81tr.pdf\" target=\"_blank\" rel=\"noopener noreferrer\">Norville<\/a>\u00a0on the 24th of January 2020\n\nat\u00a0<a href=\"https:\/\/programmation.maifsocialclub.fr\/\" target=\"_blank\" rel=\"noopener noreferrer\">Maif Social Club<\/a>\u00a0on the\u00a014th of March 2020 (english version with one Robot)<!--:--><\/div><\/li>\n<li><a class=\"wp-block-latest-posts__post-title\" href=\"https:\/\/gkcollective.org\/en\/ct-devient-2\/\">CT devient<\/a><time datetime=\"2019-12-13T10:05:43+01:00\" class=\"wp-block-latest-posts__post-date\">13 December 2019<\/time><div class=\"wp-block-latest-posts__post-full-content\"><!-- wp:paragraph -->\n<p>Le 26 mars 2020 \u2013 L\u2019Avenir Vous Regarde \u00e0 Mars \u2013 Mons Arts de la Sc\u00e8ne.On the 26th of march 2020 L\u2019Avenir Vous Regarde (Futur is Watching) in Mars \u2013 <a href=\"https:\/\/surmars.be\/\">Mons Arts de la Sc\u00e8ne<\/a>.<\/p>\n<!-- \/wp:paragraph --><\/div><\/li>\n<li><a class=\"wp-block-latest-posts__post-title\" href=\"https:\/\/gkcollective.org\/en\/ct-starting-block\/\">CT dans les starting Block et Ceux d&#8217;En Face<\/a><time datetime=\"2018-12-10T15:14:24+01:00\" class=\"wp-block-latest-posts__post-date\">10 December 2018<\/time><div class=\"wp-block-latest-posts__post-full-content\"><!--:fr-->Nouvelle cr\u00e9ation = <a href=\"https:\/\/www.productionsbis.com\/gk-coupletemoin\" target=\"_blank\" rel=\"noopener noreferrer\">Couple T\u00e9moin<\/a> &#8211; le Remake &#8211; dans les Starting-Blocks. R\u00e9sidence de cr\u00e9ation au Th\u00e9\u00e2tre Berthelot du 14 au 18 janvier 2019. Spectateurs-joueurs, venez prendre part \u00e0 l&#8217;exp\u00e9rience d\u00e8s le d\u00e9but des r\u00e9p\u00e9titions.\n\nGK Collective artiste associ\u00e9 avec la Compagnie Sous X pour le festival <a href=\"http:\/\/www.animakt.fr\/Festival-Ceux-d-en-Face\" target=\"_blank\" rel=\"noopener noreferrer\">Ceux d&#8217;En Face d&#8217;Animakt<\/a>, festival micro jauge du 11 au 14 avril 2019.<!--:--><!--:en--><p class=\"p1\"><span class=\"s1\">Our new show = <a href=\"https:\/\/www.productionsbis.com\/gk-coupletemoin\" target=\"_blank\" rel=\"noopener noreferrer\">The Model Couple<\/a> &#8211; Remake &#8211; in the Starting-Blocks. Residency at Th\u00e9\u00e2tre Berthelot from 14th to 18th of January 2019. Spectators-players, come and take part in the experience from the beginning of the rehearsals.<\/span><\/p><!--:--><\/div><\/li>\n<li><a class=\"wp-block-latest-posts__post-title\" href=\"https:\/\/gkcollective.org\/en\/revesz-en-2019\/\">R\u00e9v\u00e9sz en 2019<\/a><time datetime=\"2018-12-07T12:22:44+01:00\" class=\"wp-block-latest-posts__post-date\">7 December 2018<\/time><div class=\"wp-block-latest-posts__post-full-content\"><!--:fr--><a href=\"https:\/\/www.productionsbis.com\/gkcollective-revesz\" target=\"_blank\" rel=\"noopener noreferrer\">R\u00c9V\u00c9SZ<\/a>. Traverser la nuit seul.e en barque. Spectacle pour un seul spectateur. Premi\u00e8re,\u00a0 le 7 et 8 f\u00e9vrier 2019 \u00e0\u00a0Furies (P\u00f4le National des Arts du Cirque en Pr\u00e9fig.)<!--:--><!--:en--><a href=\"https:\/\/www.productionsbis.com\/gkcollective-revesz\" target=\"_blank\" rel=\"noopener noreferrer\">R\u00c9V\u00c9SZ<\/a>. Cross the night alone in a boat. Show for a single spectator. Premiere,\u00a0 7 and 8 February\u00a02019 in Furies (National Pole of\u00a0Circus Arts).<!--:--><\/div><\/li>\n<li><a class=\"wp-block-latest-posts__post-title\" href=\"https:\/\/gkcollective.org\/en\/labos\/\">Labos<\/a><time datetime=\"2018-10-30T18:32:23+01:00\" class=\"wp-block-latest-posts__post-date\">30 October 2018<\/time><div class=\"wp-block-latest-posts__post-full-content\"><!--:fr-->Derniers labos pratiques dans la s\u00e9rie des <a href=\"http:\/\/www.arcadi.fr\/projets-aides\/bdd\/structure.4183\/fiche.1890\/\" target=\"_blank\" rel=\"noopener noreferrer\">Eprouvettes<\/a>. Labo#7 du 5 au 9 novembre. Labo #8 du 10 au 14 d\u00e9cembre 2018.<!--:--><!--:en-->Last practical labs in the series of <a href=\"http:\/\/www.arcadi.fr\/projets-aides\/bdd\/structure.4183\/fiche.1890\/\" target=\"_blank\" rel=\"noopener noreferrer\">TestTubes<\/a>. Lab #7 from the 5th to 9th of November. Lab #8 from the 10th to 14th of December, 2018.<!--:--><\/div><\/li>\n<li><a class=\"wp-block-latest-posts__post-title\" href=\"https:\/\/gkcollective.org\/en\/614-2\/\">n\u00e9gawatt<\/a><time datetime=\"2018-09-04T15:07:44+01:00\" class=\"wp-block-latest-posts__post-date\">4 September 2018<\/time><div class=\"wp-block-latest-posts__post-full-content\"><!--:fr-->Le sc\u00e9nario n\u00e9gaWatt, une r\u00e9volution culturelle pour la transition \u00e9nerg\u00e9tique ? &#8211; Le GK est parmi les artistes invit\u00e9s, <a href=\"http:\/\/polau.org\/incubations\/enchanter-la-transition-energetique\/\" target=\"_blank\" rel=\"noopener noreferrer\">le 20 septembre 2018 au pOlau<\/a>.<!--:--><!--:en-->The negaWatt scenario, a cultural revolution for the energy transition? &#8211; The GK is one of the guest artists, on <a href=\"http:\/\/polau.org\/incubations\/enchanter-la-transition-energetique\/\" target=\"_blank\" rel=\"noopener noreferrer\">September 20th at pOlau<\/a>.<!--:--><\/div><\/li>\n<li><a class=\"wp-block-latest-posts__post-title\" href=\"https:\/\/gkcollective.org\/en\/masterclasse-2\/\">Masterclasse #2<\/a><time datetime=\"2018-09-04T14:04:30+01:00\" class=\"wp-block-latest-posts__post-date\">4 September 2018<\/time><div class=\"wp-block-latest-posts__post-full-content\"><!--:fr-->Comment aborder la dimension po\u00e9tique et politique du num\u00e9rique sans \u00eatre prisonnier de la technique ? &#8211; Masterclasse par le GK avec la\u00a0<a href=\"http:\/\/www.faiar.org\/masterclasse-2018-3\/\" target=\"_blank\" rel=\"noopener noreferrer\">FAI-AR <\/a>le 29 septembre 2018 dans le cadre de <a href=\"http:\/\/www.lieuxpublics.com\/fr\/rendez-vous-publics\/259\/travellings\" target=\"_blank\" rel=\"noopener noreferrer\">TRAVELLINGS<\/a>.<!--:--><!--:en-->How to approach the poetic and political dimension of the Digital without being prisoner of the technical aspects ?\u00a0\u00a0&#8211; Masterclass by the GK with the <a href=\"http:\/\/www.faiar.org\/masterclasse-2018-3\/\" target=\"_blank\" rel=\"noopener noreferrer\">FAI-AR<\/a> on September 29, 2018 as part of <a href=\"http:\/\/www.lieuxpublics.com\/fr\/rendez-vous-publics\/259\/travellings\" target=\"_blank\" rel=\"noopener noreferrer\">TRAVELLINGS<\/a>.<!--:--><\/div><\/li>\n<li><a class=\"wp-block-latest-posts__post-title\" href=\"https:\/\/gkcollective.org\/en\/ykimnar\/\">Ykimnar<\/a><time datetime=\"2018-06-25T15:57:05+01:00\" class=\"wp-block-latest-posts__post-date\">25 June 2018<\/time><div class=\"wp-block-latest-posts__post-full-content\"><!--:fr--><a href=\"http:\/\/sortir.telerama.fr\/evenements\/spectacles\/gk-collective-agence-de-rencontre-sans-risque,n5655498.php\" target=\"_blank\" rel=\"noopener noreferrer\">YKIMNAR<\/a>\u00a0de l<a href=\"https:\/\/www.productionsbis.com\/gkcollective-agence\" target=\"_blank\" rel=\"noopener noreferrer\">&#8216;Agence de Rencontre Sans Risque<\/a> se joue \u00e0 la <a href=\"https:\/\/lieu.maifsocialclub.fr\/programmation\/codez\/donnez-donnez-donnez-moi-vos-donnees\" target=\"_blank\" rel=\"noopener noreferrer\">Maif Social Club le jeudi 28 juin<\/a>\u00a0de 17h-22h.<!--:--><!--:en--><a href=\"http:\/\/sortir.telerama.fr\/evenements\/spectacles\/gk-collective-agence-de-rencontre-sans-risque,n5655498.php\" target=\"_blank\" rel=\"noopener noreferrer\">YKIMNAR<\/a> of the <a href=\"https:\/\/www.productionsbis.com\/gkcollective-agence\" target=\"_blank\" rel=\"noopener noreferrer\">Safe Dating Agency<\/a> is played at the <a href=\"https:\/\/lieu.maifsocialclub.fr\/programmation\/codez\/donnez-donnez-donnez-moi-vos-donnees\" target=\"_blank\" rel=\"noopener noreferrer\">Maif Social Club on Thursday, June 28<\/a> from 5pm to 10 pm.<!--:--><\/div><\/li>\n<li><a class=\"wp-block-latest-posts__post-title\" href=\"https:\/\/gkcollective.org\/en\/revesz-2\/\">R\u00e9v\u00e9sz ++<\/a><time datetime=\"2018-03-22T10:57:42+01:00\" class=\"wp-block-latest-posts__post-date\">22 March 2018<\/time><div class=\"wp-block-latest-posts__post-full-content\"><!--:fr-->R\u00c9V\u00c9SZ (Le Passeur), une travers\u00e9e solitaire la nuit en barque avec un acteur. En cr\u00e9ation \u00e0 <a href=\"http:\/\/lalisiere91.blogspot.fr\/2018\/02\/accueil-en-residence-de-creation-gk.html\" target=\"_blank\" rel=\"noopener noreferrer\">La Lisi\u00e8re<\/a>, au\u00a0<a href=\"http:\/\/polau.org\/incubations\/revesz\/\" target=\"_blank\" rel=\"noopener noreferrer\">Polau<\/a>, au <a href=\"http:\/\/leboulon.fr\/saison\/\" target=\"_blank\" rel=\"noopener noreferrer\">Boulon<\/a>, au <a href=\"http:\/\/lecitronjaune.com\/les-envies-rhonements\/vendredi-15-juin-2018-port-saint-louis-rhone\/\" target=\"_blank\" rel=\"noopener noreferrer\">Citron Jaune<\/a>.<!--:--><!--:en-->R\u00c9V\u00c9SZ (The Boatmen), our new play. Crossing the lake in the middle of night on a boat an actor facing you. Under process\u00a0at\u00a0<a href=\"http:\/\/lalisiere91.blogspot.fr\/2018\/02\/accueil-en-residence-de-creation-gk.html\" target=\"_blank\" rel=\"noopener noreferrer\">La Lisi\u00e8re<\/a>, at\u00a0<a href=\"http:\/\/polau.org\/incubations\/revesz\/\" target=\"_blank\" rel=\"noopener noreferrer\">Polau<\/a>, at\u00a0<a href=\"http:\/\/leboulon.fr\/saison\/\" target=\"_blank\" rel=\"noopener noreferrer\">Boulon<\/a>, at\u00a0<a href=\"http:\/\/lecitronjaune.com\/les-envies-rhonements\/vendredi-15-juin-2018-port-saint-louis-rhone\/\" target=\"_blank\" rel=\"noopener noreferrer\">Citron Jaune<\/a>.<!--:--><\/div><\/li>\n<li><a class=\"wp-block-latest-posts__post-title\" href=\"https:\/\/gkcollective.org\/en\/revesz\/\">Eprouvettes<\/a><time datetime=\"2018-02-23T12:02:50+01:00\" class=\"wp-block-latest-posts__post-date\">23 February 2018<\/time><div class=\"wp-block-latest-posts__post-full-content\"><!--:fr-->Les Eprouvettes &#8211; notre Laboratoire de Recherche sur le format &#8216;Spectacle pour un seul spectateur&#8217; &#8211; laur\u00e9at de la Fondation Ecart Pomaret. Merci.<!--:--><!--:en-->Les Eprouvettes &#8211; our research laboratory on the format &#8216;Show for single spectator&#8217; &#8211; laureate of the Ecart Pomaret Foundation. Thank you.<!--:--><\/div><\/li>\n<li><a class=\"wp-block-latest-posts__post-title\" href=\"https:\/\/gkcollective.org\/en\/urgence-grands-voisins\/\">Urgence Grands Voisins<\/a><time datetime=\"2017-11-23T00:33:25+01:00\" class=\"wp-block-latest-posts__post-date\">23 November 2017<\/time><div class=\"wp-block-latest-posts__post-full-content\"><!--:fr-->URGENCE\u00a0aux <a href=\"http:\/\/lesgrandsvoisins.org\/pratique\/\">Grands Voisins<\/a>, le 14, 15, 16 d\u00e9cembre 2017. R\u00e9servation primordiale. \u00a0A\u00a0theatrecache@gkcollective.org<!--:--><!--:en-->EMERGENCY at\u00a0<a href=\"http:\/\/lesgrandsvoisins.org\/pratique\/\">Grands Voisins<\/a>, from the 14th to 16th of December 2017. Reservation required.<!--:--><\/div><\/li>\n<li><a class=\"wp-block-latest-posts__post-title\" href=\"https:\/\/gkcollective.org\/en\/nemo\/\">N\u00e9mo<\/a><time datetime=\"2017-10-15T22:13:13+01:00\" class=\"wp-block-latest-posts__post-date\">15 October 2017<\/time><div class=\"wp-block-latest-posts__post-full-content\"><!--:fr-->Le GK et sa carte blanche \u00e0 N\u00e9mo (Biennale Internationale des Arts Num\u00e9riques) &#8211; \u00e7a se passe le <a href=\"https:\/\/www.biennalenemo.fr\/event\/inauguration-exposition-faits-hasard\/\">9 d\u00e9cembre au 104<\/a>\u00a0et le <a href=\"https:\/\/www.biennalenemo.fr\/event\/festival-sors-de-corps-parcours-4\/\">3<\/a> et <a href=\"https:\/\/www.biennalenemo.fr\/event\/festival-sors-de-corps-parcours-8\/\">10 f\u00e9vrier \u00e0 la Ga\u00eet\u00e9 Lyrique<\/a>.<!--:--><!--:en-->GK at N\u00e9mo (International Digital Art Biennale ) &#8211; on the\u00a0<a href=\"https:\/\/www.biennalenemo.fr\/event\/inauguration-exposition-faits-hasard\/\">9th of December at 104<\/a>\u00a0&amp; <a href=\"https:\/\/www.biennalenemo.fr\/event\/festival-sors-de-corps-parcours-4\/\">3<\/a>th\u00a0and\u00a0<a href=\"https:\/\/www.biennalenemo.fr\/event\/festival-sors-de-corps-parcours-8\/\">10th of \u00a0February at Ga\u00eet\u00e9 Lyrique<\/a>.<!--:--><\/div><\/li>\n<li><a class=\"wp-block-latest-posts__post-title\" href=\"https:\/\/gkcollective.org\/en\/labo4\/\">Labo#4<\/a><time datetime=\"2017-10-15T22:05:47+01:00\" class=\"wp-block-latest-posts__post-date\">15 October 2017<\/time><div class=\"wp-block-latest-posts__post-full-content\"><!--:fr-->Eprouvettes. Labo#4 du 16 au 20 octobre aux <a href=\"https:\/\/lesgrandsvoisins.org\/\">Grands Voisins<\/a>.<!--:--><!--:en-->Labo#4 from the\u00a016th to the 20th of October at\u00a0<a href=\"https:\/\/lesgrandsvoisins.org\/\">Grands Voisins<\/a>.<!--:--><\/div><\/li>\n<li><a class=\"wp-block-latest-posts__post-title\" href=\"https:\/\/gkcollective.org\/en\/revesz-chamarande\/\">REVESZ CHAMARANDE<\/a><time datetime=\"2017-09-12T16:17:44+01:00\" class=\"wp-block-latest-posts__post-date\">12 September 2017<\/time><div class=\"wp-block-latest-posts__post-full-content\"><!--:fr-->R\u00e9v\u00e9sz. Premi\u00e8re r\u00e9sidence au domaine de Chamarande de notre nouvelle cr\u00e9ation. <a href=\"http:\/\/chamarande.essonne.fr\/dim-10-septembre-spectacles-dessonne-animakt\/\">Test public le 10 sept 2017<\/a>.<!--:--><!--:en--><p class=\"p1\">R\u00e9v\u00e9sz. First residency in the domain of Chamarande of our new creation. <a href=\"http:\/\/chamarande.essonne.fr\/dim-10-septembre-spectacles-dessonne-animakt\/\">Public Test on Sept. 10, 2017.<\/a><\/p><!--:--><\/div><\/li>\n<li><a class=\"wp-block-latest-posts__post-title\" href=\"https:\/\/gkcollective.org\/en\/thch-avignon\/\">THCH Avignon<\/a><time datetime=\"2017-07-17T00:05:11+01:00\" class=\"wp-block-latest-posts__post-date\">17 July 2017<\/time><div class=\"wp-block-latest-posts__post-full-content\"><!--:fr-->Nous avons l&#8217;intention de transmettre le virus, la contamination a commenc\u00e9\u00a0: <a href=\"http:\/\/www.faiar.org\/theatre-cache\/\">Masterclass TH\u00e9\u00e2TRe CaCH\u00e9<\/a> \u00e0 Avignon, le 11 Juillet 2017 par le FAI-AR.<!--:--><!--:en--><pre id=\"tw-target-text\" class=\"tw-data-text tw-ta tw-text-small\" dir=\"ltr\" data-placeholder=\"Traduction\" data-fulltext=\"\"><span lang=\"en\">We intend to transmit the virus, contamination began: <a href=\"http:\/\/www.faiar.org\/theatre-cache\/\">HiDDeN THeaTeR Masterclass<\/a> in Avignon, on 11th of July 2017 by the FAI-AR.<\/span><\/pre><!--:--><\/div><\/li>\n<li><a class=\"wp-block-latest-posts__post-title\" href=\"https:\/\/gkcollective.org\/en\/proust-aux-tombees-de-nuit\/\">PROUST aux Tomb\u00e9es de la Nuit<\/a><time datetime=\"2017-06-29T17:21:52+01:00\" class=\"wp-block-latest-posts__post-date\">29 June 2017<\/time><div class=\"wp-block-latest-posts__post-full-content\"><!--:fr-->Nous sommes ravis de vous annoncer : nous jouons <a href=\"http:\/\/www.lestombeesdelanuit.com\/fr\/spectacles\/proust\/\">PROUST\u00a0le 7 et 8 Juillet 2017 aux Tomb\u00e9es de la Nuit<\/a> \u00e0 Rennes.<!--:--><!--:en-->We are delighted to announce: we play <a href=\"http:\/\/We are delighted to announce: we play PROUST on 7 and 8 July 2017 at the Tomb\u00e9es de la Nuit in Rennes.\" data-wplink-url-error=\"true\">PROUST on 7th and 8tf of July 2017 at the Tomb\u00e9es de la Nuit<\/a> in Rennes. English version is available on this session.<!--:--><\/div><\/li>\n<li><a class=\"wp-block-latest-posts__post-title\" href=\"https:\/\/gkcollective.org\/en\/proust-a-paris-20-lete\/\">PROUST A PARIS &#8211; ET 20 l&#8217;ETE<\/a><time datetime=\"2017-05-16T19:58:24+01:00\" class=\"wp-block-latest-posts__post-date\">16 May 2017<\/time><div class=\"wp-block-latest-posts__post-full-content\"><!--:fr-->Nous avons le plaisir de vous annoncer que PROUST. se jouera \u00e0 Paris dans le cadre du festival <a href=\"https:\/\/www.et20lete.com\/programmation\">Et 20 l&#8217;\u00e9t\u00e9<\/a>\u00a0du 22 au 24 juin 2017. La\u00a0billetterie\u00a0est ouverte \u00e0 partir du 7 juin et <a href=\"https:\/\/goo.gl\/forms\/VH1mhm1cEUYe95Sm2\">les r\u00e9servations sont\u00a0en ligne ici<\/a>.<!--:--><!--:en-->We are pleased to announce that PROUST. will be played in Paris as part of the <a href=\"https:\/\/www.et20lete.com\/programmation\">Et 20 festival<\/a> from June 22 to 24, 2017. The box office will open on June 7, 2017, on this page.<!--:--><\/div><\/li>\n<li><a class=\"wp-block-latest-posts__post-title\" href=\"https:\/\/gkcollective.org\/en\/urgence-amandiers\/\">URGENCE Amandiers<\/a><time datetime=\"2017-03-21T20:29:03+01:00\" class=\"wp-block-latest-posts__post-date\">21 March 2017<\/time><div class=\"wp-block-latest-posts__post-full-content\"><!--:fr-->URGENCE au <a href=\"http:\/\/www.nanterre-amandiers.com\/2016-2017\/situation-detournement\/\" target=\"_blank\" rel=\"noopener noreferrer\">Th\u00e9\u00e2tre Nanterre-Amandiers<\/a> dans le cadre de Situation\/D\u00e9tournement le 24 mars 2017.<!--:--><!--:en-->EMERGENCY\u00a0at\u00a0<a href=\"http:\/\/www.nanterre-amandiers.com\/2016-2017\/situation-detournement\/\" target=\"_blank\" rel=\"noopener noreferrer\">Th\u00e9\u00e2tre Nanterre-Amandiers<\/a>\u00a0in the colloquium Situation\/Hijacking on the\u00a024th of March 2017.<!--:--><\/div><\/li>\n<li><a class=\"wp-block-latest-posts__post-title\" href=\"https:\/\/gkcollective.org\/en\/dates-labos-a-venir\/\">Dates des Labos \u00e0 venir<\/a><time datetime=\"2017-01-23T21:56:10+01:00\" class=\"wp-block-latest-posts__post-date\">23 January 2017<\/time><div class=\"wp-block-latest-posts__post-full-content\"><!--:fr-->Save the dates &#8211; Les Eprouvettes &#8211; 3 sessions du labo sur le format &#8220;Un Seul Spectateur&#8221; sont ouverts au public sur inscription : \n\n&gt; du 27 au 31 Mars 2017 \u00a0 \u00a0 \u00a0&gt; du 24 au 28 Avril 2017 \u00a0 \u00a0 \u00a0 \u00a0&gt; du 22 au 26 Mai 2017<\/p><!--:--><!--:en-->Save the dates &#8211; The Samples\u00a0&#8211; 3 sessions of the lab on the &#8220;One Spectator&#8221; format are open to the audience on registration: &gt; From 27 to 31 March 2017 \u00a0 \u00a0 &gt; From 24 to 28 April 2017 \u00a0 \u00a0 \u00a0 \u00a0 \u00a0&gt; From 22 to 26 May 2017<!--:--><\/div><\/li>\n<li><a class=\"wp-block-latest-posts__post-title\" href=\"https:\/\/gkcollective.org\/en\/gk-labo\/\">GK LABO<\/a><time datetime=\"2016-10-10T14:59:17+01:00\" class=\"wp-block-latest-posts__post-date\">10 October 2016<\/time><div class=\"wp-block-latest-posts__post-full-content\"><!--:fr-->Le GK d\u00e9marre cet automne son laboratoire de recherche les EPROUVETTES pour cartographier le format un seul spectateur. Pendant deux ans, le groupe artistique en collaboration avec un groupe de scientifique. Les d\u00e9but \u00e0 <a href=\"http:\/\/www.mainsdoeuvres.org\/Laboratoire-de-recherche-sur-la-place-du-spectateur-937.html\" target=\"_blank\" rel=\"noopener noreferrer\">MDO<\/a>.<!--:--><!--:en-->GK starts a\u00a0new\u00a0research laboratory, called EPROUVETTES (SAMPLES) to map the format one spectator. For two years, the artistic group in collaboration with a group of scientist. The start is at\u00a0<a href=\"http:\/\/www.mainsdoeuvres.org\/Laboratoire-de-recherche-sur-la-place-du-spectateur-937.html\" target=\"_blank\" rel=\"noopener noreferrer\">MDO<\/a>.<!--:--><\/div><\/li>\n<li><a class=\"wp-block-latest-posts__post-title\" href=\"https:\/\/gkcollective.org\/en\/cergy\/\">Cergy ++<\/a><time datetime=\"2016-09-06T21:38:35+01:00\" class=\"wp-block-latest-posts__post-date\">6 September 2016<\/time><div class=\"wp-block-latest-posts__post-full-content\"><!--:fr-->PROUST. en entier \u00e0 <a title=\"R\u00e9sa Cergy\" href=\"http:\/\/www.cergysoit.fr\/informations-pratiques\/billetterie-gratuite\/billetterie-gk-collective\/\" target=\"_blank\" rel=\"noopener noreferrer\">Cergy, Soit!<\/a> (9 et 10 sept. 2016) et \u00e0 l&#8217;<a href=\"http:\/\/www.ladefense.fr\/en\/agenda\/urban-week-paris-la-defense-2016\" target=\"_blank\" rel=\"noopener noreferrer\">Urban Week<\/a>\u00a0(le 19 sept. 2016 \u00e0 la D\u00e9fense) \/\/ PROUST. en deux extraits \u00e0 <a href=\"http:\/\/www.lieuxpublics.com\/fr\/rendez-vous-publics\" target=\"_blank\" rel=\"noopener noreferrer\">Travellings de IN SITU<\/a> (le 10 sept. 2016 \u00e0 Marseille).<!--:--><!--:en-->PROUST. integral\u00a0\u00a0<a title=\"R\u00e9sa Cergy\" href=\"http:\/\/www.cergysoit.fr\/informations-pratiques\/billetterie-gratuite\/billetterie-gk-collective\/\" target=\"_blank\" rel=\"noopener noreferrer\">Cergy, Soit!<\/a> (9th &amp; 10th of Septembre 2016) and at the\u00a0<a href=\"http:\/\/www.ladefense.fr\/en\/agenda\/urban-week-paris-la-defense-2016\" target=\"_blank\" rel=\"noopener noreferrer\">Urban Week<\/a>\u00a0(the 19th of Septembre 2016 at the\u00a0D\u00e9fense) \/\/ PROUST. two\u00a0extracts at\u00a0<a href=\"http:\/\/www.lieuxpublics.com\/fr\/rendez-vous-publics\" target=\"_blank\" rel=\"noopener noreferrer\">Travellings of IN SITU<\/a> (the 10th of Septembre 2016 in Marseille &#8211; also in english!).<!--:--><\/div><\/li>\n<li><a class=\"wp-block-latest-posts__post-title\" href=\"https:\/\/gkcollective.org\/en\/theatre-cache-vol-8\/\">TH\u00e9\u00e2TRe CaCH\u00e9 vol #8 FR<\/a><time datetime=\"2016-04-14T09:15:11+01:00\" class=\"wp-block-latest-posts__post-date\">14 April 2016<\/time><div class=\"wp-block-latest-posts__post-full-content\"><!--:fr-->Le 8e\u00a0volume du TH\u00e9\u00e2TRe CaCH\u00e9 &#8211; notre nouvelle cr\u00e9ation : PROUST. \u00a0&#8211; premi\u00e8re au Th\u00e9\u00e2tre de Ch\u00e2tillon dans le cadre de <a href=\"http:\/\/www.theatreachatillon.com\/play-mobile.php\" target=\"_blank\" rel=\"noopener noreferrer\">Play Mobile#3<\/a>,\u00a0 le 28 mai 2016. \/ <a title=\"Labo 6\" href=\"https:\/\/gk.baudier.de\/labo-5\/dates-a-venir\/\" target=\"_blank\" rel=\"noopener noreferrer\">Dates de \u00a0tourn\u00e9e<\/a><!--:--><!--:en--><p class=\"p1\">HiDDeN THeaTeR vol#8\u00a0&#8211; our new creation : Proust . &#8211; Premiere\u00a0at the Th\u00e9\u00e2tre de Ch\u00e2tillon in <a href=\"http:\/\/www.theatreachatillon.com\/play-mobile.php\"><span class=\"s1\">Play Mobile # 3<\/span><\/a>, May 28, 2016 . \/ <a title=\"Labo 6\" href=\"https:\/\/gk.baudier.de\/labo-5\/dates-a-venir\/\" target=\"_blank\" rel=\"noopener noreferrer\">Upcoming Dates<\/a><\/p><!--:--><\/div><\/li>\n<li><a class=\"wp-block-latest-posts__post-title\" href=\"https:\/\/gkcollective.org\/en\/hotel-obscura-2\/\">Hotel Obscura<\/a><time datetime=\"2016-02-09T12:35:41+01:00\" class=\"wp-block-latest-posts__post-date\">9 February 2016<\/time><div class=\"wp-block-latest-posts__post-full-content\"><!--:fr--><a title=\"HO\" href=\"http:\/\/hotelobscura.org\/\" target=\"_blank\" rel=\"noopener noreferrer\">HOTEL OBSCURA<\/a> &#8211; une cr\u00e9ation collective GK Collective, La Folie Kilom\u00e8tre &amp; La Transplanisph\u00e8re &#8211; ouvre ses portes \u00e0 <a title=\"R\u00e9servation Hotel Obscura\" href=\"http:\/\/www.tours-tourisme.fr\/incontournables\/envie-de-sortir-de-la-routine-vivez-lexperience-hotel-obscura\" target=\"_blank\" rel=\"noopener noreferrer\">Tours<\/a>, le 19 et le 20 f\u00e9vrier 2016.<!--:--><!--:en--><a href=\"http:\/\/hotelobscura.org\/\" target=\"_blank\" rel=\"noopener noreferrer\">HOTEL OBSCURA<\/a> &#8211; collective work from\u00a0GK Collective, La Folie Kilom\u00e8tre &amp; La Transplanisph\u00e8re &#8211; open its doors in\u00a0<a title=\"R\u00e9servation Hotel Obscura\" href=\"http:\/\/www.tours-tourisme.fr\/incontournables\/envie-de-sortir-de-la-routine-vivez-lexperience-hotel-obscura\" target=\"_blank\" rel=\"noopener noreferrer\">Tours<\/a>, on the\u00a019th &amp; the 20th of February 2016.<!--:--><\/div><\/li>\n<li><a class=\"wp-block-latest-posts__post-title\" href=\"https:\/\/gkcollective.org\/en\/urgence-a-creil\/\">Urgence \u00e0 Creil<\/a><time datetime=\"2015-12-09T16:37:17+01:00\" class=\"wp-block-latest-posts__post-date\">9 December 2015<\/time><div class=\"wp-block-latest-posts__post-full-content\"><!--:fr-->Nous avons le plaisir de vous annoncer \u00a0URGENCE\u00a0\u00e0 la <a title=\"Urgence \u00e0 Creil\" href=\"http:\/\/www.faiencerie-theatre.com\/urgence.html#sthash.stqrhLtx.dpbs\" target=\"_blank\" rel=\"noopener noreferrer\">Fa\u00efencerie de Creil<\/a>. \u00a0Du 2 au 5 mars 2016.<!--:--><!--:en-->The GK \u00a0is proud to present EMERGENCY, our\u00a0immersive theater experience at the\u00a0<a title=\"Urgence \u00e0 Creil\" href=\"http:\/\/www.faiencerie-theatre.com\/urgence.html#sthash.stqrhLtx.dpbs\" target=\"_blank\" rel=\"noopener noreferrer\">Fa\u00efencerie de Creil<\/a>. From the\u00a02nd till the 5th of March 2016.<!--:--><\/div><\/li>\n<li><a class=\"wp-block-latest-posts__post-title\" href=\"https:\/\/gkcollective.org\/en\/le-gk-est-en-residence-de-creation-a-animakt\/\">Le GK est en r\u00e9sidence de cr\u00e9ation \u00e0 Animakt<\/a><time datetime=\"2015-12-06T21:58:56+01:00\" class=\"wp-block-latest-posts__post-date\">6 December 2015<\/time><div class=\"wp-block-latest-posts__post-full-content\"><!--:fr-->Le GK est en r\u00e9sidence \u00e0 <a title=\"Animakt\" href=\"http:\/\/www.animakt.fr\/Compagnies-accueillies-cette-annee\" target=\"_blank\" rel=\"noopener noreferrer\">Animakt<\/a>\u00a0du 23 novembre au 4 d\u00e9cembre 2015 pour sa nouvelle cr\u00e9ation: le <a title=\"TH\u00e9\u00e2TRe CaCH\u00e9\" href=\"https:\/\/gk.baudier.de\/theatre-cache\/\" target=\"_blank\" rel=\"noopener noreferrer\">TH\u00e9\u00e2TRe CaCH\u00e9<\/a> vol#8.<!--:--><!--:en-->GK is in residency from the 23th of November till the 4th of December 2015 for their new HiDDeN THeaTeR creation, the vol#8. At <a title=\"Animakt\" href=\"http:\/\/www.animakt.fr\/Compagnies-accueillies-cette-annee\" target=\"_blank\" rel=\"noopener noreferrer\">Animakt.<\/a><!--:--><\/div><\/li>\n<li><a class=\"wp-block-latest-posts__post-title\" href=\"https:\/\/gkcollective.org\/en\/reseau-in-touch\/\">R\u00e9seau In Touch<\/a><time datetime=\"2015-09-06T23:52:47+01:00\" class=\"wp-block-latest-posts__post-date\">6 September 2015<\/time><div class=\"wp-block-latest-posts__post-full-content\"><!--:fr-->Le GK \u00a0a \u00e9t\u00e9 invit\u00e9 pour devenir membre parmi les fondateurs du r\u00e9seau\u00a0<a href=\"http:\/\/www.cantabile2.dk\/en\/in-touch\/\" target=\"_blank\" rel=\"noopener noreferrer\">In Touch<\/a>, un r\u00e9seau pour du &#8220;Human Specific Performing Art&#8221;.<!--:--><!--:en-->GK was invited to belong among the founding members of\u00a0<a href=\"http:\/\/www.cantabile2.dk\/en\/in-touch\/\" target=\"_blank\" rel=\"noopener noreferrer\">In Touch<\/a>\u00a0Network, a european network for\u00a0&#8220;Human Specific Performing Art&#8221;.<!--:--><\/div><\/li>\n<li><a class=\"wp-block-latest-posts__post-title\" href=\"https:\/\/gkcollective.org\/en\/nouvelles-dates\/\">Nouvelles dates<\/a><time datetime=\"2015-09-06T23:45:09+01:00\" class=\"wp-block-latest-posts__post-date\">6 September 2015<\/time><div class=\"wp-block-latest-posts__post-full-content\"><!--:fr-->Nouvelles dates pour URGENCE. Les 20 et 21 octobre 2015 &#8211; <a href=\"http:\/\/www.leventseleve.com\/accueil\" target=\"_blank\" rel=\"noopener noreferrer\">Le\u00a0Vent Se L\u00e8ve\u00a0!<\/a> Les\u00a030 et 31 octobre 2015 &#8211; \u00a0<a title=\"Confluences\" href=\"http:\/\/www.confluences.net\/\" target=\"_blank\" rel=\"noopener noreferrer\">Confluences<\/a>, Festival P\u00e9ril Jeune.<!--:--><!--:en-->Upcoming dates for EMERGENCY. 20th &amp; 21st of October\u00a02015\u00a0at\u00a0<a title=\"Le Vent se L\u00e8ve\" href=\"http:\/\/www.leventseleve.com\/accueil\" target=\"_blank\" rel=\"noopener noreferrer\">Vent se L\u00e8ve<\/a>. 30th &amp; 31st of October\u00a0\u00a02015 at\u00a0<a title=\"Confluences\" href=\"http:\/\/www.confluences.net\/\" target=\"_blank\" rel=\"noopener noreferrer\">Confluences<\/a>, Festival P\u00e9ril Jeune.<!--:--><\/div><\/li>\n<li><a class=\"wp-block-latest-posts__post-title\" href=\"https:\/\/gkcollective.org\/en\/festival-chalon-dans-la-rue-off\/\">Festival Chalon dans la Rue OFF<\/a><time datetime=\"2015-07-08T16:26:40+01:00\" class=\"wp-block-latest-posts__post-date\">8 July 2015<\/time><div class=\"wp-block-latest-posts__post-full-content\"><!--:fr-->URGENCE est s\u00e9lectionn\u00e9 au Festival <a title=\"programmation chalon off\" href=\"http:\/\/www.chalondanslarue.com\/spectacles\/gk-collective\/\" target=\"_blank\" rel=\"noopener noreferrer\">Chalon dans la Rue dans la Programmation OFF<\/a>. Du 23 au 26 Juillet \u00e0 Chalon sur Sa\u00f4ne.<!--:--><!--:en-->URGENCE is selected in the Festival <a title=\"programmation chalon off\" href=\"http:\/\/www.chalondanslarue.com\/spectacles\/gk-collective\/\" target=\"_blank\" rel=\"noopener noreferrer\">Chalon dans la Rue OFF<\/a>. From 23th to 26th of July at Chalon sur Sa\u00f4ne.<!--:--><\/div><\/li>\n<li><a class=\"wp-block-latest-posts__post-title\" href=\"https:\/\/gkcollective.org\/en\/residence-animakt\/\">R\u00e9sidence Animakt<\/a><time datetime=\"2015-07-08T16:25:05+01:00\" class=\"wp-block-latest-posts__post-date\">8 July 2015<\/time><div class=\"wp-block-latest-posts__post-full-content\"><!--:fr-->Nous avons la joie de vous annoncer le GK en r\u00e9sidence pour l&#8217;ann\u00e9e 2015 \u00e0 <a href=\"http:\/\/www.animakt.fr\/\" target=\"_blank\" rel=\"noopener noreferrer\">Animakt<\/a>.<!--:--><!--:en-->The GK collective is pleased to announce its residency at <a href=\"http:\/\/www.animakt.fr\/\" target=\"_blank\" rel=\"noopener noreferrer\">Animakt<\/a> for the whole year of 2015.<!--:--><\/div><\/li>\n<li><a class=\"wp-block-latest-posts__post-title\" href=\"https:\/\/gkcollective.org\/en\/urgence-au-festival-ceux-den-face\/\">URGENCE au Festival Ceux d\u2019en Face<\/a><time datetime=\"2015-07-08T16:22:32+01:00\" class=\"wp-block-latest-posts__post-date\">8 July 2015<\/time><div class=\"wp-block-latest-posts__post-full-content\"><!--:fr-->URGENCE au <a title=\"Ceux d'En Face\" href=\"http:\/\/www.animakt.fr\/spip.php?article7\" target=\"_blank\" rel=\"noopener noreferrer\">Festival Ceux d\u2019en Face<\/a> du 16 au 19 avril 2015 \u00e0 Animakt.<!--:--><!--:en-->EMERGENCY at the <a title=\"Ceux d'En Face\" href=\"http:\/\/www.animakt.fr\/spip.php?article7\" target=\"_blank\" rel=\"noopener noreferrer\">Festival Ceux d\u2019en Face<\/a> from the 16th to 19th of April 2015 at Animakt.<!--:--><\/div><\/li>\n<li><a class=\"wp-block-latest-posts__post-title\" href=\"https:\/\/gkcollective.org\/en\/urgence-au-carreau-du-temple\/\">URGENCE au Carreau du Temple<\/a><time datetime=\"2015-07-08T16:20:48+01:00\" class=\"wp-block-latest-posts__post-date\">8 July 2015<\/time><div class=\"wp-block-latest-posts__post-full-content\"><!--:fr-->Nous avons le plaisir de vous annoncer URGENCE au <a href=\"http:\/\/www.carreaudutemple.eu\/2014\/07\/02\/performances-urgences\" target=\"_blank\" rel=\"noopener noreferrer\">Carreau du Temple<\/a> \u00e0 Paris.<!--:--><!--:en-->The GK collective is proud to present EMERGENCY, an immersive theater experience at the <a href=\"http:\/\/www.carreaudutemple.eu\/2014\/07\/02\/performances-urgences\" target=\"_blank\" rel=\"noopener noreferrer\">Carreau du Temple<\/a> in Paris.<!--:--><\/div><\/li>\n<li><a class=\"wp-block-latest-posts__post-title\" href=\"https:\/\/gkcollective.org\/en\/residence-mains-doeuvres\/\">R\u00e9sidence Mains d\u2019\u0153uvres<\/a><time datetime=\"2015-07-08T16:18:22+01:00\" class=\"wp-block-latest-posts__post-date\">8 July 2015<\/time><div class=\"wp-block-latest-posts__post-full-content\"><!--:fr-->F\u00eate de fin de r\u00e9sidence de cr\u00e9ation pour le GK \u00e0 <a href=\"http:\/\/www.mainsdoeuvres.org\/article121.html?lang=fr\" target=\"_blank\" rel=\"noopener noreferrer\">Mains d\u2019\u0153uvres<\/a> en d\u00e9cembre 2014.<!--:--><!--:en-->The good-bye party of the Residency period of GK at <a href=\"http:\/\/www.mainsdoeuvres.org\/article121.html?lang=fr\">Mains d&#8217;Oeuvres<\/a> in december 2014. And maybe more ?<!--:--><\/div><\/li>\n<li><a class=\"wp-block-latest-posts__post-title\" href=\"https:\/\/gkcollective.org\/en\/athenes\/\">Ath\u00e8nes<\/a><time datetime=\"2015-07-08T16:17:02+01:00\" class=\"wp-block-latest-posts__post-date\">8 July 2015<\/time><div class=\"wp-block-latest-posts__post-full-content\"><!--:fr-->Intervention TH\u00e9\u00e2TRe CaCH\u00e9 \u00e0 Ath\u00e8nes avec <a href=\"http:\/\/www.ohipezoume.gr\/\" target=\"_blank\" rel=\"noopener noreferrer\">Ohi Pezoume<\/a> dans le cadre de <a href=\"http:\/\/hotelobscura.org\/\" target=\"_blank\" rel=\"noopener noreferrer\">HOTEL OBSCURA<\/a>.<!--:--><!--:en-->HiDDeN THeaTeR in Athens, in the <a href=\"http:\/\/hotelobscura.org\/\" target=\"_blank\" rel=\"noopener noreferrer\">HOTEL OBSCURA<\/a> project with <a href=\"http:\/\/hotelobscura.org\/\" target=\"_blank\" rel=\"noopener noreferrer\">Ohi Pezoume<\/a>.<!--:--><\/div><\/li>\n<li><a class=\"wp-block-latest-posts__post-title\" href=\"https:\/\/gkcollective.org\/en\/hotel-obscura\/\">Hotel Obscura<\/a><time datetime=\"2015-07-08T16:15:35+01:00\" class=\"wp-block-latest-posts__post-date\">8 July 2015<\/time><div class=\"wp-block-latest-posts__post-full-content\"><!--:fr-->GK travaille actuellement sur le projet europ\u00e9en <a href=\"http:\/\/hotelobscura.org\/\" target=\"_blank\" rel=\"noopener noreferrer\">Hotel Obscura<\/a> en collaboration avec la <a href=\"http:\/\/www.latransplanisphere.com\/\" target=\"_blank\" rel=\"noopener noreferrer\">Transplanisph\u00e8re<\/a> et <a href=\"http:\/\/www.lafoliekilometre.org\/le-collectif\/\" target=\"_blank\" rel=\"noopener noreferrer\">La Folie Kilom\u00e8tre<\/a>.<!--:--><!--:en-->Currently, GK is working on the European Project <a href=\"http:\/\/hotelobscura.org\/\" target=\"_blank\" rel=\"noopener noreferrer\">Hotel Obscura<\/a> in collaboration with <a href=\"http:\/\/www.latransplanisphere.com\/\" target=\"_blank\" rel=\"noopener noreferrer\">Transplanisph\u00e8re<\/a> and <a href=\"http:\/\/www.lafoliekilometre.org\/le-collectif\/\" target=\"_blank\" rel=\"noopener noreferrer\">La Folie Kilom\u00e8tre<\/a>.<!--:--><\/div><\/li>\n<\/ul>","protected":false},"excerpt":{"rendered":"","protected":false},"author":1,"featured_media":0,"parent":0,"menu_order":0,"comment_status":"closed","ping_status":"closed","template":"","meta":{"footnotes":""},"class_list":["post-1417","page","type-page","status-publish","hentry"],"translation":{"provider":"WPGlobus","version":"3.0.0","language":"en","enabled_languages":["fr","en"],"languages":{"fr":{"title":true,"content":true,"excerpt":false},"en":{"title":false,"content":false,"excerpt":false}}},"yoast_head":"<!-- This site is optimized with the Yoast SEO plugin v26.4 - https:\/\/yoast.com\/wordpress\/plugins\/seo\/ -->\n<title>Actualit\u00e9 - GK<\/title>\n<meta name=\"robots\" content=\"index, follow, max-snippet:-1, max-image-preview:large, max-video-preview:-1\" \/>\n<link rel=\"canonical\" href=\"https:\/\/gkcollective.org\/actualite\/\" \/>\n<meta property=\"og:locale\" content=\"en_US\" \/>\n<meta property=\"og:type\" content=\"article\" \/>\n<meta property=\"og:title\" content=\"Actualit\u00e9 - GK\" \/>\n<meta property=\"og:url\" content=\"https:\/\/gkcollective.org\/actualite\/\" \/>\n<meta property=\"og:site_name\" content=\"GK\" \/>\n<meta property=\"article:modified_time\" content=\"2025-03-10T17:45:50+00:00\" \/>\n<script type=\"application\/ld+json\" class=\"yoast-schema-graph\">{\"@context\":\"https:\/\/schema.org\",\"@graph\":[{\"@type\":\"WebPage\",\"@id\":\"https:\/\/gkcollective.org\/actualite\/\",\"url\":\"https:\/\/gkcollective.org\/actualite\/\",\"name\":\"Actualit\u00e9 - GK\",\"isPartOf\":{\"@id\":\"https:\/\/gkcollective.org\/#website\"},\"datePublished\":\"2020-10-29T14:33:28+00:00\",\"dateModified\":\"2025-03-10T17:45:50+00:00\",\"description\":\"Les informations actuelles sur les activit\u00e9s du GK . Pr\u00e9sentations, performances, festivals et revues de presse.\",\"breadcrumb\":{\"@id\":\"https:\/\/gkcollective.org\/actualite\/#breadcrumb\"},\"inLanguage\":\"en-US\",\"potentialAction\":[{\"@type\":\"ReadAction\",\"target\":[\"https:\/\/gkcollective.org\/actualite\/\"]}]},{\"@type\":\"BreadcrumbList\",\"@id\":\"https:\/\/gkcollective.org\/actualite\/#breadcrumb\",\"itemListElement\":[{\"@type\":\"ListItem\",\"position\":1,\"name\":\"Accueil\",\"item\":\"https:\/\/gkcollective.org\/\"},{\"@type\":\"ListItem\",\"position\":2,\"name\":\"Actualit\u00e9\"}]},{\"@type\":\"WebSite\",\"@id\":\"https:\/\/gkcollective.org\/#website\",\"url\":\"https:\/\/gkcollective.org\/\",\"name\":\"GK\",\"description\":\"GK collective\",\"publisher\":{\"@id\":\"https:\/\/gkcollective.org\/#organization\"},\"potentialAction\":[{\"@type\":\"SearchAction\",\"target\":{\"@type\":\"EntryPoint\",\"urlTemplate\":\"https:\/\/gkcollective.org\/?s={search_term_string}\"},\"query-input\":{\"@type\":\"PropertyValueSpecification\",\"valueRequired\":true,\"valueName\":\"search_term_string\"}}],\"inLanguage\":\"en-US\"},{\"@type\":\"Organization\",\"@id\":\"https:\/\/gkcollective.org\/#organization\",\"name\":\"GK\",\"url\":\"https:\/\/gkcollective.org\/\",\"logo\":{\"@type\":\"ImageObject\",\"inLanguage\":\"en-US\",\"@id\":\"https:\/\/gkcollective.org\/#\/schema\/logo\/image\/\",\"url\":\"https:\/\/gkcollective.org\/wp-content\/uploads\/2020\/10\/GK-tubes-2.png\",\"contentUrl\":\"https:\/\/gkcollective.org\/wp-content\/uploads\/2020\/10\/GK-tubes-2.png\",\"width\":120,\"height\":80,\"caption\":\"GK\"},\"image\":{\"@id\":\"https:\/\/gkcollective.org\/#\/schema\/logo\/image\/\"}}]}<\/script>\n<!-- \/ Yoast SEO plugin. -->","yoast_head_json":{"title":"Actualit\u00e9 - GK","robots":{"index":"index","follow":"follow","max-snippet":"max-snippet:-1","max-image-preview":"max-image-preview:large","max-video-preview":"max-video-preview:-1"},"canonical":"https:\/\/gkcollective.org\/actualite\/","og_locale":"en_US","og_type":"article","og_title":"Actualit\u00e9 - GK","og_url":"https:\/\/gkcollective.org\/actualite\/","og_site_name":"GK","article_modified_time":"2025-03-10T17:45:50+00:00","schema":{"@context":"https:\/\/schema.org","@graph":[{"@type":"WebPage","@id":"https:\/\/gkcollective.org\/actualite\/","url":"https:\/\/gkcollective.org\/actualite\/","name":"Actualit\u00e9 - GK","isPartOf":{"@id":"https:\/\/gkcollective.org\/#website"},"datePublished":"2020-10-29T14:33:28+00:00","dateModified":"2025-03-10T17:45:50+00:00","description":"Les informations actuelles sur les activit\u00e9s du GK . Pr\u00e9sentations, performances, festivals et revues de presse.","breadcrumb":{"@id":"https:\/\/gkcollective.org\/actualite\/#breadcrumb"},"inLanguage":"en-US","potentialAction":[{"@type":"ReadAction","target":["https:\/\/gkcollective.org\/actualite\/"]}]},{"@type":"BreadcrumbList","@id":"https:\/\/gkcollective.org\/actualite\/#breadcrumb","itemListElement":[{"@type":"ListItem","position":1,"name":"Accueil","item":"https:\/\/gkcollective.org\/"},{"@type":"ListItem","position":2,"name":"Actualit\u00e9"}]},{"@type":"WebSite","@id":"https:\/\/gkcollective.org\/#website","url":"https:\/\/gkcollective.org\/","name":"GK","description":"GK collective","publisher":{"@id":"https:\/\/gkcollective.org\/#organization"},"potentialAction":[{"@type":"SearchAction","target":{"@type":"EntryPoint","urlTemplate":"https:\/\/gkcollective.org\/?s={search_term_string}"},"query-input":{"@type":"PropertyValueSpecification","valueRequired":true,"valueName":"search_term_string"}}],"inLanguage":"en-US"},{"@type":"Organization","@id":"https:\/\/gkcollective.org\/#organization","name":"GK","url":"https:\/\/gkcollective.org\/","logo":{"@type":"ImageObject","inLanguage":"en-US","@id":"https:\/\/gkcollective.org\/#\/schema\/logo\/image\/","url":"https:\/\/gkcollective.org\/wp-content\/uploads\/2020\/10\/GK-tubes-2.png","contentUrl":"https:\/\/gkcollective.org\/wp-content\/uploads\/2020\/10\/GK-tubes-2.png","width":120,"height":80,"caption":"GK"},"image":{"@id":"https:\/\/gkcollective.org\/#\/schema\/logo\/image\/"}}]}},"_links":{"self":[{"href":"https:\/\/gkcollective.org\/en\/wp-json\/wp\/v2\/pages\/1417","targetHints":{"allow":["GET"]}}],"collection":[{"href":"https:\/\/gkcollective.org\/en\/wp-json\/wp\/v2\/pages"}],"about":[{"href":"https:\/\/gkcollective.org\/en\/wp-json\/wp\/v2\/types\/page"}],"author":[{"embeddable":true,"href":"https:\/\/gkcollective.org\/en\/wp-json\/wp\/v2\/users\/1"}],"replies":[{"embeddable":true,"href":"https:\/\/gkcollective.org\/en\/wp-json\/wp\/v2\/comments?post=1417"}],"version-history":[{"count":3,"href":"https:\/\/gkcollective.org\/en\/wp-json\/wp\/v2\/pages\/1417\/revisions"}],"predecessor-version":[{"id":2351,"href":"https:\/\/gkcollective.org\/en\/wp-json\/wp\/v2\/pages\/1417\/revisions\/2351"}],"wp:attachment":[{"href":"https:\/\/gkcollective.org\/en\/wp-json\/wp\/v2\/media?parent=1417"}],"curies":[{"name":"wp","href":"https:\/\/api.w.org\/{rel}","templated":true}]}}